{"id":1063,"date":"2021-11-27T13:03:21","date_gmt":"2021-11-27T13:03:21","guid":{"rendered":"http:\/\/tierarztpraxis-sonntag-trebbin.de\/?page_id=1063"},"modified":"2024-02-17T16:53:40","modified_gmt":"2024-02-17T16:53:40","slug":"datenschutz","status":"publish","type":"page","link":"http:\/\/tierarztpraxis-sonntag-trebbin.de\/Home\/startseite\/datenschutz\/","title":{"rendered":"Datenschutz"},"content":{"rendered":"\n<div class=\"wp-block-cover alignfull is-light\"><span aria-hidden=\"true\" class=\"wp-block-cover__background has-white-background-color has-background-dim-100 has-background-dim\"><\/span><div class=\"wp-block-cover__inner-container is-layout-flow wp-block-cover-is-layout-flow\">\n<h6 class=\"wp-block-heading has-black-color has-text-color has-link-color wp-elements-f8bb387685480c6d383a60daac62d5ba\">DATENSCHUTZ AUF EINEN BLICK<\/h6>\n\n\n\n<h6 class=\"wp-block-heading has-black-color has-text-color has-link-color wp-elements-94ba6a35767a692f88c7aecb48bf0054\">ALLGEMEINE HINWEISE<\/h6>\n\n\n\n<p class=\"has-black-color has-text-color has-link-color has-small-font-size wp-elements-4e2b942165c99264023d0a5397967d38\">Die folgenden Hinweise geben einen einfachen \u00dcberblick dar\u00fcber, was mit Ihren personenbezogenen Daten passiert, wenn Sie diese Website besuchen.<br>Personenbezogene Daten sind alle Daten, mit denen Sie pers\u00f6nlich identifiziert werden k\u00f6nnen. Ausf\u00fchrliche Informationen zum Thema Datenschutz entnehmen Sie unserer unter diesem Text aufgef\u00fchrten Datenschutzerkl\u00e4rung.<\/p>\n\n\n\n<h6 class=\"wp-block-heading\">DATENERFASSUNG AUF DIESER WEBSITE<\/h6>\n\n\n\n<p class=\"has-black-color has-text-color has-link-color wp-elements-ad5397813d14aff259ee82ab3d487412\"><strong>Wer ist verantwortlich f\u00fcr die Datenerfassung auf dieser Website?<\/strong><\/p>\n\n\n\n<p class=\"has-black-color has-text-color has-link-color has-small-font-size wp-elements-0ad24e2722b65893cf3fb5571c7dc9b3\">Die Datenverarbeitung auf dieser Website erfolgt durch den Websitebetreiber.<br>Dessen Kontaktdaten k\u00f6nnen Sie dem Impressum dieser Website entnehmen.<\/p>\n\n\n\n<p class=\"has-black-color has-text-color has-link-color wp-elements-d0d8273a87c0fea0214c998b5f8bf19c\"><strong>Wie erfassen wir Ihre Daten?<\/strong><\/p>\n\n\n\n<p class=\"has-black-color has-text-color has-link-color has-small-font-size wp-elements-52ceeba16ad0ee48bd76b7856cbd93d4\">Ihre Daten werden zum einen dadurch erhoben, dass Sie uns diese mitteilen.<br>Hierbei kann es sich z.&nbsp;B. um Daten handeln, die Sie in ein Kontaktformular eingeben.<\/p>\n\n\n\n<p class=\"has-black-color has-text-color has-link-color has-small-font-size wp-elements-bbc63f7ff1b0006a2ebc036682d2cda3\">Andere Daten werden automatisch oder nach Ihrer Einwilligung beim Besuch der Website durch unsere IT-Systeme erfasst. Das sind vor allem technische Daten (z.&nbsp;B. Uhrzeit des Seitenaufrufs, Internetbrowser, Betriebssystem). Die Erfassung dieser Daten erfolgt automatisch, sobald Sie diese Website betreten.<\/p>\n\n\n\n<p class=\"has-black-color has-text-color has-link-color wp-elements-d874487e34352231378e7c792ff481a0\"><strong>Wof\u00fcr nutzen wir Ihre Daten?<\/strong><\/p>\n\n\n\n<p class=\"has-black-color has-text-color has-link-color has-small-font-size wp-elements-f63f73cb94c7c06a6584e753f93c974e\">Ein Teil der Daten wird erhoben, um eine fehlerfreie Bereitstellung der Website zu gew\u00e4hrleisten. Andere Daten k\u00f6nnen zur Analyse Ihres Nutzerverhaltens verwendet werden.<\/p>\n\n\n\n<p class=\"has-black-color has-text-color has-link-color wp-elements-58bda9d09d23b139d70b662891dd9780\"><strong>Welche Rechte haben Sie bez\u00fcglich Ihrer Daten?<\/strong><\/p>\n\n\n\n<p class=\"has-black-color has-text-color has-link-color has-small-font-size wp-elements-24a0f676a602e63d6122b2f7dfcd2512\">Sie haben jederzeit das Recht, unentgeltlich Auskunft \u00fcber Herkunft, Empf\u00e4nger und Zweck Ihrer gespeicherten personenbezogenen Daten zu erhalten. Sie haben au\u00dferdem ein Recht,<br>die Berichtigung oder L\u00f6schung dieser Daten zu verlangen. Wenn Sie eine Einwilligung zur Datenverarbeitung erteilt haben, k\u00f6nnen Sie diese Einwilligung jederzeit f\u00fcr die Zukunft widerrufen. Au\u00dferdem haben Sie das Recht, unter bestimmten Umst\u00e4nden die Einschr\u00e4nkung der Verarbeitung Ihrer personenbezogenen Daten zu verlangen. Des Weiteren steht Ihnen ein Beschwerderecht bei der zust\u00e4ndigen Aufsichtsbeh\u00f6rde zu.<\/p>\n\n\n\n<p class=\"has-black-color has-text-color has-link-color has-small-font-size wp-elements-2a0c621565398d7132158ebbbb9dcdcf\">Hierzu sowie zu weiteren Fragen zum Thema Datenschutz k\u00f6nnen Sie sich jederzeit unter der im Impressum angegebenen Adresse an uns wenden.<\/p>\n\n\n\n<h6 class=\"wp-block-heading has-black-color has-text-color has-link-color wp-elements-c8fe9ab82c69f02085bbc3408e2900ef\">ANALYSE-TOOLS UND TOOLS VON DRITTANBIETERN<\/h6>\n\n\n\n<p class=\"has-black-color has-text-color has-link-color has-small-font-size wp-elements-91cb6786ada76aebb9ea91d2ad20b848\">Beim Besuch dieser Website kann Ihr Surf-Verhalten statistisch ausgewertet werden.<br>Das geschieht vor allem mit Cookies und mit sogenannten Analyseprogrammen.<\/p>\n\n\n\n<p class=\"has-black-color has-text-color has-link-color has-small-font-size wp-elements-0c582d8cc85ac3dbce34c5309c6c6757\">Detaillierte Informationen zu diesen Analyseprogrammen finden Sie in der folgenden Datenschutzerkl\u00e4rung.<\/p>\n\n\n\n<h6 class=\"wp-block-heading has-black-color has-text-color has-link-color wp-elements-70b78a2c2205b41a89513dfcf14e96d0\">ALLGEMEINE HINWEISE UND PFLICHTINFORMATIONEN<\/h6>\n\n\n\n<h6 class=\"wp-block-heading has-black-color has-text-color has-link-color wp-elements-be537cd3210891bebfc2ce30b59fe00b\">DATENSCHUTZ<\/h6>\n\n\n\n<p class=\"has-black-color has-text-color has-link-color has-small-font-size wp-elements-e61a5cb9ca83e72ee31930280ed5ea5c\">Die Betreiber dieser Seiten nehmen den Schutz Ihrer pers\u00f6nlichen Daten sehr ernst.<br>Wir behandeln Ihre personenbezogenen Daten vertraulich und entsprechend der gesetzlichen Datenschutzvorschriften sowie dieser Datenschutzerkl\u00e4rung.<\/p>\n\n\n\n<p class=\"has-black-color has-text-color has-link-color has-small-font-size wp-elements-9c8b65203d7a243010429c6e30e446d9\">Wenn Sie diese Website benutzen, werden verschiedene personenbezogene Daten erhoben. Personenbezogene Daten sind Daten, mit denen Sie pers\u00f6nlich identifiziert werden k\u00f6nnen. Die vorliegende Datenschutzerkl\u00e4rung erl\u00e4utert, welche Daten wir erheben und wof\u00fcr wir sie nutzen. Sie erl\u00e4utert auch, wie und zu welchem Zweck das geschieht.<\/p>\n\n\n\n<p class=\"has-black-color has-text-color has-link-color has-small-font-size wp-elements-6a27d3cb87442de27e9958a09e2dbb6f\">Wir weisen darauf hin, dass die Daten\u00fcbertragung im Internet (z.&nbsp;B. bei der Kommunikation per<br>E-Mail) Sicherheitsl\u00fccken aufweisen kann. Ein l\u00fcckenloser Schutz der Daten vor dem Zugriff durch Dritte ist nicht m\u00f6glich.<\/p>\n\n\n\n<h4 class=\"wp-block-heading has-black-color has-text-color has-link-color wp-elements-d8a97830144e2916b01b5d6726793d02\">HINWEIS ZUR VERANTWORTLICHEN STELLE<\/h4>\n\n\n\n<p class=\"has-black-color has-text-color has-link-color has-small-font-size wp-elements-f80bf1d27e722a04b101343529b356d8\">Die verantwortliche Stelle f\u00fcr die Datenverarbeitung auf dieser Website ist:<\/p>\n\n\n\n<p class=\"has-black-color has-text-color has-link-color has-small-font-size wp-elements-3764aeb944d49e259b5a39623661f613\">Tier\u00e4rztin<br>Frau Antje Sonntag<br>Weinberg 10<br>14159 Trebbin<\/p>\n\n\n\n<h6 class=\"wp-block-heading has-black-color has-text-color has-link-color wp-elements-8fcaa8d2aee332958873386f4ed8b0b4\">KONTAKT<\/h6>\n\n\n\n<p class=\"has-black-color has-text-color has-link-color has-small-font-size wp-elements-d1a642ade71c816f388b2efeabb47867\">Telefon: +49 33 731-80 365<br>             +49 170-960 54 07<br>E-Mail: antjesonntag@hotmail.com<\/p>\n\n\n\n<p class=\"has-black-color has-text-color has-link-color has-small-font-size wp-elements-6192b71c04074c078225f97455ca753e\">Verantwortliche Stelle ist die nat\u00fcrliche oder juristische Person, die allein oder gemeinsam mit anderen \u00fcber die Zwecke und Mittel der Verarbeitung von personenbezogenen Daten (z. B. Namen, E-Mail-Adressen o. \u00c4.) entscheidet.<\/p>\n\n\n\n<h4 class=\"wp-block-heading has-black-color has-text-color has-link-color wp-elements-909a485dc8379c79970bd15abd4e4ced\">WIDERRUF IHRER EINWILLIGUNG ZUR DATENVERARBEITUNG<\/h4>\n\n\n\n<p class=\"has-black-color has-text-color has-link-color has-small-font-size wp-elements-3bfd7b55aaa47e3803d0a5cdc08783b8\">Viele Datenverarbeitungsvorg\u00e4nge sind nur mit Ihrer ausdr\u00fccklichen Einwilligung m\u00f6glich.<br>Sie k\u00f6nnen eine bereits erteilte Einwilligung jederzeit widerrufen. Dazu reicht eine formlose Mitteilung per E-Mail an uns. Die Rechtm\u00e4\u00dfigkeit der bis zum Widerruf erfolgten Datenverarbeitung bleibt vom Widerruf unber\u00fchrt.<\/p>\n\n\n\n<p class=\"has-black-color has-text-color has-link-color has-small-font-size wp-elements-b190f6938bf0636dfca228b5780fed92\">WIDERSPRUCHSRECHT GEGEN DIE DATENERHEBUNG IN BESONDEREN F\u00c4LLEN SOWIE GEGEN DIREKTWERBUNG (ART. 21 DSGVO)<\/p>\n\n\n\n<p class=\"has-black-color has-text-color has-link-color has-small-font-size wp-elements-e714764b33e90db4216e5e78da7a7218\">WENN DIE DATENVERARBEITUNG AUF GRUNDLAGE VON ART. 6 ABS. 1 LIT. E ODER F DSGVO ERFOLGT, HABEN SIE JEDERZEIT DAS RECHT, AUS GR\u00dcNDEN, DIE SICH AUS IHRER BESONDEREN SITUATION ERGEBEN, GEGEN DIE VERARBEITUNG IHRER PERSONENBEZOGENEN DATEN WIDERSPRUCH EINZULEGEN; DIES GILT AUCH F\u00dcR EIN AUF DIESE BESTIMMUNGEN GEST\u00dcTZTES PROFILING.<br>DIE JEWEILIGE RECHTSGRUNDLAGE, AUF DENEN EINE VERARBEITUNG BERUHT, ENTNEHMEN SIE DIESER DATENSCHUTZERKL\u00c4RUNG. WENN SIE WIDERSPRUCH EINLEGEN, WERDEN WIR IHRE BETROFFENEN PERSONENBEZOGENEN DATEN NICHT MEHR VERARBEITEN, ES SEI DENN, WIR K\u00d6NNEN ZWINGENDE SCHUTZW\u00dcRDIGE GR\u00dcNDE F\u00dcR DIE VERARBEITUNG NACHWEISEN, DIE IHRE INTERESSEN, RECHTE UND FREIHEITEN \u00dcBERWIEGEN ODER DIE VERARBEITUNG DIENT DER GELTENDMACHUNG, AUS\u00dcBUNG ODER VERTEIDIGUNG VON RECHTSANSPR\u00dcCHEN (WIDERSPRUCH NACH ART. 21 ABS. 1 DSGVO).<\/p>\n\n\n\n<p class=\"has-black-color has-text-color has-link-color has-small-font-size wp-elements-08e045099bf9edb61e0d6707fc478491\">WERDEN IHRE PERSONENBEZOGENEN DATEN VERARBEITET, UM DIREKTWERBUNG ZU BETREIBEN,<br>SO HABEN SIE DAS RECHT, JEDERZEIT WIDERSPRUCH GEGEN DIE VERARBEITUNG SIE BETREFFENDER PERSONENBEZOGENER DATEN ZUM ZWECKE DERARTIGER WERBUNG EINZULEGEN; DIES GILT AUCH F\u00dcR DAS PROFILING, SOWEIT ES MIT SOLCHER DIREKTWERBUNG IN VERBINDUNG STEHT. WENN SIE WIDERSPRECHEN, WERDEN IHRE PERSONENBEZOGENEN DATEN ANSCHLIESSEND NICHT MEHR ZUM ZWECKE DER DIREKTWERBUNG VERWENDET (WIDERSPRUCH NACH ART. 21 ABS. 2 DSGVO).<\/p>\n\n\n\n<h6 class=\"wp-block-heading has-black-color has-text-color has-link-color wp-elements-59992f78b3e5c87e6deef3e5e7f0767c\">BESCHWERDERECHT BEI DER ZUST\u00c4NDIGEN AUFSICHTSBEH\u00d6RDE<\/h6>\n\n\n\n<p class=\"has-black-color has-text-color has-link-color has-small-font-size wp-elements-ec21e77141031d99cb44da68a1a7e18f\">Im Falle von Verst\u00f6\u00dfen gegen die DSGVO steht den Betroffenen ein Beschwerderecht bei einer Aufsichtsbeh\u00f6rde, insbesondere in dem Mitgliedstaat ihres gew\u00f6hnlichen Aufenthalts, ihres Arbeitsplatzes oder des Orts des mutma\u00dflichen Versto\u00dfes zu. Das Beschwerderecht besteht unbeschadet anderweitiger verwaltungsrechtlicher oder gerichtlicher Rechtsbehelfe.<\/p>\n\n\n\n<h6 class=\"wp-block-heading has-black-color has-text-color has-link-color wp-elements-1d46e0e29adc3dd8169a47f8acbc804f\">RECHT AUF DATEN\u00dcBERTRAGBARKEIT<\/h6>\n\n\n\n<p class=\"has-black-color has-text-color has-link-color has-small-font-size wp-elements-c763278dc768566b7cd33329d7e65ed1\">Sie haben das Recht, Daten, die wir auf Grundlage Ihrer Einwilligung oder in Erf\u00fcllung eines Vertrags automatisiert verarbeiten, an sich oder an einen Dritten in einem g\u00e4ngigen, maschinenlesbaren Format aush\u00e4ndigen zu lassen. Sofern Sie die direkte \u00dcbertragung der Daten an einen anderen Verantwortlichen verlangen, erfolgt dies nur, soweit es technisch machbar ist.<\/p>\n\n\n\n<h6 class=\"wp-block-heading has-black-color has-text-color has-link-color wp-elements-7ba3e2343904b4b2087223a94ad2eda3\">SSL- BZW. TLS-VERSCHL\u00dcSSELUNG<\/h6>\n\n\n\n<p class=\"has-black-color has-text-color has-link-color has-small-font-size wp-elements-67a4f6e1d899484cb32c699ef6699cb3\">Diese Seite nutzt aus Sicherheitsgr\u00fcnden und zum Schutz der \u00dcbertragung vertraulicher Inhalte, wie zum Beispiel Bestellungen oder Anfragen, die Sie an uns als Seitenbetreiber senden, eine SSL- bzw. TLS-Verschl\u00fcsselung. Eine verschl\u00fcsselte Verbindung erkennen Sie daran, dass die Adresszeile des Browsers von \u201ehttp:\/\/\u201c auf \u201ehttps:\/\/\u201c wechselt und an dem Schloss-Symbol in Ihrer Browserzeile.<\/p>\n\n\n\n<p class=\"has-black-color has-text-color has-link-color has-small-font-size wp-elements-13af8af71bf54442e7693c4b530ad8d5\">Wenn die SSL- bzw. TLS-Verschl\u00fcsselung aktiviert ist, k\u00f6nnen die Daten, die Sie an uns \u00fcbermitteln, nicht von Dritten mitgelesen werden.<\/p>\n\n\n\n<h6 class=\"wp-block-heading\">AUSKUNFT, L\u00d6SCHUNG UND BERICHTIGUNG<\/h6>\n\n\n\n<p class=\"has-black-color has-text-color has-link-color has-small-font-size wp-elements-2d4a064ad7146382522a107e2d59b83a\">Sie haben im Rahmen der geltenden gesetzlichen Bestimmungen jederzeit das Recht auf unentgeltliche Auskunft \u00fcber Ihre gespeicherten personenbezogenen Daten, deren Herkunft und Empf\u00e4nger und den Zweck der Datenverarbeitung und ggf. ein Recht auf Berichtigung oder L\u00f6schung dieser Daten. Hierzu sowie zu weiteren Fragen zum Thema personenbezogene Daten k\u00f6nnen Sie sich jederzeit unter der im Impressum angegebenen Adresse an uns wenden.<\/p>\n\n\n\n<h6 class=\"wp-block-heading has-black-color has-text-color has-link-color wp-elements-97427b55448e8b69116440bdbd3d3a13\">RECHT AUF EINSCHR\u00c4NKUNG DER VERARBEITUNG<\/h6>\n\n\n\n<p class=\"has-black-color has-text-color has-link-color has-small-font-size wp-elements-383aa333ea084160b3dc3e861af30f83\">Sie haben das Recht, die Einschr\u00e4nkung der Verarbeitung Ihrer personenbezogenen Daten zu verlangen. Hierzu k\u00f6nnen Sie sich jederzeit unter der im Impressum angegebenen Adresse an uns wenden. Das Recht auf Einschr\u00e4nkung der Verarbeitung besteht in folgenden F\u00e4llen:<\/p>\n\n\n\n<p class=\"has-black-color has-text-color has-link-color has-small-font-size wp-elements-153197b33747ce545c146bd95e8ddad6\">Wenn wir Ihre personenbezogenen Daten nicht mehr ben\u00f6tigen, Sie sie jedoch zur Aus\u00fcbung, Verteidigung oder Geltendmachung von Rechtsanspr\u00fcchen ben\u00f6tigen, haben Sie das Recht, statt der L\u00f6schung die Einschr\u00e4nkung der Verarbeitung Ihrer personenbezogenen Daten zu verlangen.<\/p>\n\n\n\n<p class=\"has-black-color has-text-color has-link-color has-small-font-size wp-elements-ed524ed735b5b679f68c365bfc3160e6\">Wenn Sie einen Widerspruch nach Art. 21 Abs. 1 DSGVO eingelegt haben, muss eine Abw\u00e4gung zwischen Ihren und unseren Interessen vorgenommen werden. Solange noch nicht feststeht, wessen Interessen \u00fcberwiegen, haben Sie das Recht, die Einschr\u00e4nkung der Verarbeitung Ihrer personenbezogenen Daten zu verlangen.<\/p>\n\n\n\n<p class=\"has-black-color has-text-color has-link-color has-small-font-size wp-elements-7d8d5f5979c110c98d28c7ddca4f48d2\">Wenn Sie die Verarbeitung Ihrer personenbezogenen Daten eingeschr\u00e4nkt haben, d\u00fcrfen diese Daten \u2013 von ihrer Speicherung abgesehen \u2013 nur mit Ihrer Einwilligung oder zur Geltendmachung, Aus\u00fcbung oder Verteidigung von Rechtsanspr\u00fcchen oder zum Schutz der Rechte einer anderen nat\u00fcrlichen oder juristischen Person oder aus Gr\u00fcnden eines wichtigen \u00f6ffentlichen Interesses der Europ\u00e4ischen Union oder eines Mitgliedstaats verarbeitet werden.<\/p>\n\n\n\n<h6 class=\"wp-block-heading has-black-color has-text-color has-link-color wp-elements-0a661fa8aa7b0b3b15f4da6e287b5d0d\">WIDERSPRUCH GEGEN WERBE-E-MAILS<\/h6>\n\n\n\n<p class=\"has-black-color has-text-color has-link-color has-small-font-size wp-elements-ec13d1a62b96e6844ae13421a84f3402\">Der Nutzung von im Rahmen der Impressumspflicht ver\u00f6ffentlichten Kontaktdaten zur \u00dcbersendung von nicht ausdr\u00fccklich angeforderter Werbung und Informationsmaterialien wird hiermit widersprochen. Die Betreiber der Seiten behalten sich ausdr\u00fccklich rechtliche Schritte im Falle der unverlangten Zusendung von Werbeinformationen, etwa durch Spam-E-Mails, vor.<\/p>\n\n\n\n<h6 class=\"wp-block-heading has-black-color has-text-color has-link-color wp-elements-4ee563f2d10bc378a1e183159e9d30a8\">DATENERFASSUNG AUF DIESER WEBSITE<\/h6>\n\n\n\n<h6 class=\"wp-block-heading has-black-color has-text-color has-link-color wp-elements-3702f819e23f632766b410e2d36f00de\">KONTAKTFORMULAR<\/h6>\n\n\n\n<p class=\"has-black-color has-text-color has-link-color has-small-font-size wp-elements-c2f33f586725a8f3b5600e965d819f23\">Wenn Sie uns per Kontaktformular Anfragen zukommen lassen, werden Ihre Angaben aus dem Anfrageformular inklusive der von Ihnen dort angegebenen Kontaktdaten zwecks Bearbeitung der Anfrage und f\u00fcr den Fall von Anschlussfragen bei uns gespeichert. Diese Daten geben wir nicht ohne Ihre Einwilligung weiter.<\/p>\n\n\n\n<p class=\"has-black-color has-text-color has-link-color has-small-font-size wp-elements-8bd0fd132cb78150866b44ec9e540bb6\">Die Verarbeitung dieser Daten erfolgt auf Grundlage von Art. 6 Abs. 1 lit. b DSGVO, sofern Ihre Anfrage mit der Erf\u00fcllung eines Vertrags zusammenh\u00e4ngt oder zur Durchf\u00fchrung vorvertraglicher Ma\u00dfnahmen erforderlich ist. In allen \u00fcbrigen F\u00e4llen beruht die Verarbeitung auf unserem berechtigten Interesse an der effektiven Bearbeitung der an uns gerichteten Anfragen<br>(Art. 6 Abs. 1 lit. f DSGVO) oder auf Ihrer Einwilligung (Art. 6 Abs. 1 lit. a DSGVO) sofern diese abgefragt wurde.<\/p>\n\n\n\n<p class=\"has-black-color has-text-color has-link-color has-small-font-size wp-elements-2031f69099c3a9a10fbc67d3e91041ca\">Die von Ihnen im Kontaktformular eingegebenen Daten verbleiben bei uns, bis Sie uns zur L\u00f6schung auffordern, Ihre Einwilligung zur Speicherung widerrufen oder der Zweck f\u00fcr die Datenspeicherung entf\u00e4llt (z.&nbsp;B. nach abgeschlossener Bearbeitung Ihrer Anfrage).<br>Zwingende gesetzliche Bestimmungen \u2013 insbesondere Aufbewahrungsfristen \u2013 bleiben unber\u00fchrt.<\/p>\n\n\n\n<h6 class=\"wp-block-heading has-black-color has-text-color has-link-color wp-elements-5a52d26aeee0c81052946753b7e5d532\">ANFRAGE PER E-MAIL, TELEFON ODER TELEFAX<\/h6>\n\n\n\n<p class=\"has-black-color has-text-color has-link-color has-small-font-size wp-elements-bfa22a64c646e3f9f98151aff352f87c\">Wenn Sie uns per E-Mail, Telefon oder Telefax kontaktieren, wird Ihre Anfrage inklusive aller daraus hervorgehenden personenbezogenen Daten (Name, Anfrage) zum Zwecke der Bearbeitung Ihres Anliegens bei uns gespeichert und verarbeitet. Diese Daten geben wir nicht ohne Ihre Einwilligung weiter.<\/p>\n\n\n\n<p class=\"has-black-color has-text-color has-link-color has-small-font-size wp-elements-8bd0fd132cb78150866b44ec9e540bb6\">Die Verarbeitung dieser Daten erfolgt auf Grundlage von Art. 6 Abs. 1 lit. b DSGVO, sofern Ihre Anfrage mit der Erf\u00fcllung eines Vertrags zusammenh\u00e4ngt oder zur Durchf\u00fchrung vorvertraglicher Ma\u00dfnahmen erforderlich ist. In allen \u00fcbrigen F\u00e4llen beruht die Verarbeitung auf unserem berechtigten Interesse an der effektiven Bearbeitung der an uns gerichteten Anfragen<br>(Art. 6 Abs. 1 lit. f DSGVO) oder auf Ihrer Einwilligung (Art. 6 Abs. 1 lit. a DSGVO) sofern diese abgefragt wurde.<\/p>\n\n\n\n<p class=\"has-black-color has-text-color has-link-color has-small-font-size wp-elements-5bc83006d2905472b1afdc05078b84e6\">Die von Ihnen an uns per Kontaktanfragen \u00fcbersandten Daten verbleiben bei uns, bis Sie uns zur L\u00f6schung auffordern, Ihre Einwilligung zur Speicherung widerrufen oder der Zweck f\u00fcr die Datenspeicherung entf\u00e4llt (z.&nbsp;B. nach abgeschlossener Bearbeitung Ihres Anliegens).<br>Zwingende gesetzliche Bestimmungen \u2013 insbesondere gesetzliche Aufbewahrungsfristen \u2013 bleiben unber\u00fchrt.<\/p>\n\n\n\n<h6 class=\"wp-block-heading\">SOZIALE MEDIEN<\/h6>\n\n\n\n<h6 class=\"wp-block-heading has-black-color has-text-color has-link-color wp-elements-dedcc535d55cf44169ed49c39ae5312f\">SOCIAL-MEDIA-PLUGINS MIT SHARIFF<\/h6>\n\n\n\n<p class=\"has-black-color has-text-color has-link-color has-small-font-size wp-elements-e001f49378cfb70a0be443a6b0437a4d\">Auf dieser Website werden Plugins von sozialen Medien verwendet (z.&nbsp;B. Facebook, Twitter, Instagram, Pinterest, XING, LinkedIn, Tumblr).<\/p>\n\n\n\n<p class=\"has-black-color has-text-color has-link-color has-small-font-size wp-elements-943619291e4d5ada281858dc70df7856\">Die Plugins k\u00f6nnen Sie in der Regel anhand der jeweiligen Social-Media-Logos erkennen. Um den Datenschutz auf dieser Website zu gew\u00e4hrleisten, verwenden wir diese Plugins nur zusammen mit der sogenannten \u201eShariff\u201c-L\u00f6sung. Diese Anwendung verhindert, dass die auf dieser Website integrierten Plugins Daten schon beim ersten Betreten der Seite an den jeweiligen Anbieter \u00fcbertragen.<\/p>\n\n\n\n<p class=\"has-black-color has-text-color has-link-color has-small-font-size wp-elements-5e7fc3bd49d262acfbf8cbff10838c11\">Erst wenn Sie das jeweilige Plugin durch Anklicken der zugeh\u00f6rigen Schaltfl\u00e4che aktivieren, wird eine direkte Verbindung zum Server des Anbieters hergestellt (Einwilligung). Sobald Sie das Plugin aktivieren, erh\u00e4lt der jeweilige Anbieter die Information, dass Sie mit Ihrer IP-Adresse dieser Website besucht haben. Wenn Sie gleichzeitig in Ihrem jeweiligen Social-Media-Account (z.&nbsp;B. Facebook) eingeloggt sind, kann der jeweilige Anbieter den Besuch dieser Website Ihrem Benutzerkonto zuordnen.<\/p>\n\n\n\n<p class=\"has-black-color has-text-color has-link-color has-small-font-size wp-elements-979c655bfb6ba3de4dd1b2bdbbb47b67\">Das Aktivieren des Plugins stellt eine Einwilligung im Sinne des Art. 6 Abs. 1 lit. a DSGVO dar.<br>Diese Einwilligung k\u00f6nnen Sie jederzeit mit Wirkung f\u00fcr die Zukunft widerrufen.<\/p>\n\n\n\n<h6 class=\"wp-block-heading has-black-color has-text-color has-link-color wp-elements-da7b4699ea9c92c1fc30b162ea063cef\">PLUGINS UND TOOLS<\/h6>\n\n\n\n<h6 class=\"wp-block-heading has-black-color has-text-color has-link-color wp-elements-4817bbc6d20d406ba57deb8bb83b0b36\">YOUTUBE MIT ERWEITERTEM DATENSCHUTZ<\/h6>\n\n\n\n<p class=\"has-black-color has-text-color has-link-color has-small-font-size wp-elements-f04d4a87ee722ec9fd2daca89500be8e\">Diese Website bindet Videos der YouTube ein. Betreiber der Seiten ist die Google Ireland Limited (\u201eGoogle\u201c), Gordon House, Barrow Street, Dublin 4, Irland.<\/p>\n\n\n\n<p class=\"has-black-color has-text-color has-link-color has-small-font-size wp-elements-b06340802627fe5de153709302a740fe\">Wir nutzen YouTube im erweiterten Datenschutzmodus. Dieser Modus bewirkt laut YouTube, dass YouTube keine Informationen \u00fcber die Besucher auf dieser Website speichert, bevor diese sich das Video ansehen. Die Weitergabe von Daten an YouTube-Partner wird durch den erweiterten Datenschutzmodus hingegen nicht zwingend ausgeschlossen. So stellt YouTube \u2013 unabh\u00e4ngig davon, ob Sie sich ein Video ansehen \u2013 eine Verbindung zum Google DoubleClick-Netzwerk her.<\/p>\n\n\n\n<p class=\"has-black-color has-text-color has-link-color has-small-font-size wp-elements-9444e1631964684dad88dad259979a8a\">Sobald Sie ein YouTube-Video auf dieser Website starten, wird eine Verbindung zu den Servern von YouTube hergestellt. Dabei wird dem YouTube-Server mitgeteilt, welche unserer Seiten Sie besucht haben. Wenn Sie in Ihrem YouTube-Account eingeloggt sind, erm\u00f6glichen Sie YouTube,<br>Ihr Surfverhalten direkt Ihrem pers\u00f6nlichen Profil zuzuordnen. Dies k\u00f6nnen Sie verhindern,<br>indem Sie sich aus Ihrem YouTube-Account ausloggen.<\/p>\n\n\n\n<p class=\"has-black-color has-text-color has-link-color has-small-font-size wp-elements-3dea196181ec9bec5345304343558d55\">Des Weiteren kann YouTube nach Starten eines Videos verschiedene Cookies auf Ihrem Endger\u00e4t speichern. Mit Hilfe dieser Cookies kann YouTube Informationen \u00fcber Besucher dieser Website erhalten. Diese Informationen werden u. a. verwendet, um Videostatistiken zu erfassen,<br>die Anwenderfreundlichkeit zu verbessern und Betrugsversuchen vorzubeugen.<br>Die Cookies verbleiben auf Ihrem Endger\u00e4t, bis Sie sie l\u00f6schen.<\/p>\n\n\n\n<p class=\"has-black-color has-text-color has-link-color has-small-font-size wp-elements-f2f06d4a68af8875ec9a8f98db74bbe5\">Gegebenenfalls k\u00f6nnen nach dem Start eines YouTube-Videos weitere Datenverarbeitungsvorg\u00e4nge ausgel\u00f6st werden, auf die wir keinen Einfluss haben.<\/p>\n\n\n\n<p class=\"has-black-color has-text-color has-link-color has-small-font-size wp-elements-7be8d0931a833d77baff895affd9f1dd\">Die Nutzung von YouTube erfolgt im Interesse einer ansprechenden Darstellung unserer Online-Angebote. Dies stellt ein berechtigtes Interesse im Sinne von Art. 6 Abs. 1 lit. f DSGVO dar.<br>Sofern eine entsprechende Einwilligung abgefragt wurde, erfolgt die Verarbeitung ausschlie\u00dflich auf Grundlage von Art. 6 Abs. 1 lit. a DSGVO; die Einwilligung ist jederzeit widerrufbar.<\/p>\n\n\n\n<p class=\"has-black-color has-text-color has-link-color has-small-font-size wp-elements-da89752172106b241251511949bf666d\">Weitere Informationen \u00fcber Datenschutz bei YouTube finden Sie in deren Datenschutzerkl\u00e4rung unter:&nbsp;<a href=\"https:\/\/policies.google.com\/privacy?hl=de\">https:\/\/policies.google.com\/privacy?hl=de<\/a>.<\/p>\n\n\n\n<h6 class=\"wp-block-heading has-black-color has-text-color has-link-color wp-elements-7a93be3692ac36f529ded7219c4b0d70\">GOOGLE WEB FONTS<\/h6>\n\n\n\n<p class=\"has-black-color has-text-color has-link-color has-small-font-size wp-elements-74aed0e03bdd79328ca167346919241d\">Diese Seite nutzt zur einheitlichen Darstellung von Schriftarten so genannte Web Fonts, die von Google bereitgestellt werden. Die Google Fonts sind lokal installiert. Eine Verbindung zu Servern von Google findet dabei nicht statt.<\/p>\n\n\n\n<p class=\"has-black-color has-text-color has-link-color has-small-font-size wp-elements-8703b603a9d8c7934c32b62c2f05f55a\">Weitere Informationen zu Google Web Fonts finden Sie unter&nbsp;<a href=\"https:\/\/developers.google.com\/fonts\/faq\">https:\/\/developers.google.com\/fonts\/faq<\/a>&nbsp;und in der Datenschutzerkl\u00e4rung von Google:&nbsp;<a href=\"https:\/\/policies.google.com\/privacy?hl=de\">https:\/\/policies.google.com\/privacy?hl=de<\/a>.<\/p>\n\n\n\n<h6 class=\"wp-block-heading has-black-color has-text-color has-link-color wp-elements-8cc2e23aa1fd9dcabca9fe30b3ec66ae\">OPENSTREETMAP<\/h6>\n\n\n\n<p class=\"has-black-color has-text-color has-link-color has-small-font-size wp-elements-2e9c17e794e37c5ddafe34490c1f9948\">Wir nutzen den Kartendienst von OpenStreetMap (OSM). Anbieterin ist die Open-Street-Map Foundation (OSMF), 132 Maney Hill Road, Sutton Coldfield, West Midlands, B72 1JU, United Kingdom.<\/p>\n\n\n\n<p class=\"has-black-color has-text-color has-link-color has-small-font-size wp-elements-d8c4889c19b82afff2eb83d8db9a7d23\">Wenn Sie eine Website besuchen, auf der OpenStreetMap eingebunden ist, werden<br>u. a. Ihre IP-Adresse und weitere Informationen \u00fcber Ihr Verhalten auf dieser Website an die OSMF weitergeleitet. OpenStreetMap speichert hierzu unter Umst\u00e4nden Cookies in Ihrem Browser. Das sind Textdateien, die auf Ihrem Computer gespeichert werden und die eine Analyse der Benutzung der Website durch Sie erm\u00f6glichen. Sie k\u00f6nnen die Speicherung der Cookies durch eine entsprechende Einstellung Ihrer Browser-Software verhindern; wir weisen Sie jedoch darauf hin, dass Sie in diesem Fall gegebenenfalls nicht s\u00e4mtliche Funktionen dieser Website vollumf\u00e4nglich werden nutzen k\u00f6nnen.<\/p>\n\n\n\n<p class=\"has-black-color has-text-color has-link-color has-small-font-size wp-elements-524ee09f56d9c1f4c668895dea01c7af\">Ferner kann Ihr Standort erfasst werden, wenn Sie dies in Ihren Ger\u00e4teeinstellungen \u2013<br>z.&nbsp;B. auf Ihrem Handy \u2013 zugelassen haben. Der Anbieter dieser Seite hat keinen Einfluss auf diese Daten\u00fcbertragung. Details entnehmen Sie der Datenschutzerkl\u00e4rung von OpenStreetMap unter folgendem Link:&nbsp;<a href=\"https:\/\/wiki.osmfoundation.org\/wiki\/Privacy_Policy\">https:\/\/wiki.osmfoundation.org\/wiki\/Privacy_Policy<\/a>.<\/p>\n\n\n\n<p class=\"has-black-color has-text-color has-link-color has-small-font-size wp-elements-1cb25c3771785c3d8bc7301761fcdea9\">Die Nutzung von OpenStreetMap erfolgt im Interesse einer ansprechenden Darstellung unserer Online-Angebote und einer leichten Auffindbarkeit der von uns auf der Website angegebenen Orte. Dies stellt ein berechtigtes Interesse im Sinne von Art. 6 Abs. 1 lit. f DSGVO dar. Sofern eine entsprechende Einwilligung abgefragt wurde (z. B. eine Einwilligung zur Speicherung von Cookies), erfolgt die Verarbeitung ausschlie\u00dflich auf Grundlage von Art. 6 Abs. 1 lit. a DSGVO;<br>die Einwilligung ist jederzeit widerrufbar.<\/p>\n\n\n\n<p class=\"has-small-font-size\">Quelle:&nbsp;<a href=\"https:\/\/www.e-recht24.de\/\">https:\/\/www.e-recht24.de<\/a><\/p>\n<\/div><\/div>\n","protected":false},"excerpt":{"rendered":"","protected":false},"author":1,"featured_media":0,"parent":0,"menu_order":0,"comment_status":"closed","ping_status":"closed","template":"blank-slate-template.php","meta":{"footnotes":""},"class_list":["post-1063","page","type-page","status-publish","hentry","entry"],"_links":{"self":[{"href":"http:\/\/tierarztpraxis-sonntag-trebbin.de\/Home\/startseite\/wp-json\/wp\/v2\/pages\/1063","targetHints":{"allow":["GET"]}}],"collection":[{"href":"http:\/\/tierarztpraxis-sonntag-trebbin.de\/Home\/startseite\/wp-json\/wp\/v2\/pages"}],"about":[{"href":"http:\/\/tierarztpraxis-sonntag-trebbin.de\/Home\/startseite\/wp-json\/wp\/v2\/types\/page"}],"author":[{"embeddable":true,"href":"http:\/\/tierarztpraxis-sonntag-trebbin.de\/Home\/startseite\/wp-json\/wp\/v2\/users\/1"}],"replies":[{"embeddable":true,"href":"http:\/\/tierarztpraxis-sonntag-trebbin.de\/Home\/startseite\/wp-json\/wp\/v2\/comments?post=1063"}],"version-history":[{"count":6,"href":"http:\/\/tierarztpraxis-sonntag-trebbin.de\/Home\/startseite\/wp-json\/wp\/v2\/pages\/1063\/revisions"}],"predecessor-version":[{"id":1290,"href":"http:\/\/tierarztpraxis-sonntag-trebbin.de\/Home\/startseite\/wp-json\/wp\/v2\/pages\/1063\/revisions\/1290"}],"wp:attachment":[{"href":"http:\/\/tierarztpraxis-sonntag-trebbin.de\/Home\/startseite\/wp-json\/wp\/v2\/media?parent=1063"}],"curies":[{"name":"wp","href":"https:\/\/api.w.org\/{rel}","templated":true}]}}